{"id":113,"date":"2016-12-14T15:57:03","date_gmt":"2016-12-14T15:57:03","guid":{"rendered":"http:\/\/ballandt.z19.eu\/?page_id=113"},"modified":"2026-03-09T09:38:59","modified_gmt":"2026-03-09T09:38:59","slug":"start","status":"publish","type":"page","link":"https:\/\/pflegedienst-ab.de\/","title":{"rendered":"Start"},"content":{"rendered":"<p>[et_pb_section fb_built=&#8220;1&#8243; fullwidth=&#8220;on&#8220; admin_label=&#8220;Sektion&#8220; _builder_version=&#8220;3.22.3&#8243;][et_pb_fullwidth_slider show_arrows=&#8220;off&#8220; show_content_on_mobile=&#8220;off&#8220; show_image_video_mobile=&#8220;on&#8220; disabled_on=&#8220;off|off|off&#8220; admin_label=&#8220;Vollbreiter Slider&#8220; _builder_version=&#8220;3.22.5&#8243; header_font=&#8220;||||||||&#8220; body_font=&#8220;||||||||&#8220; box_shadow_style=&#8220;preset6&#8243; box_shadow_blur=&#8220;10px&#8220; box_shadow_color=&#8220;rgba(0,0,0,0.1)&#8220; custom_padding=&#8220;317px|||||&#8220; custom_padding_tablet=&#8220;|||&#8220; custom_padding_phone=&#8220;|||&#8220; show_inner_shadow=&#8220;on&#8220; button_text_size__hover_enabled=&#8220;off&#8220; button_one_text_size__hover_enabled=&#8220;off&#8220; button_two_text_size__hover_enabled=&#8220;off&#8220; button_text_color__hover_enabled=&#8220;off&#8220; button_one_text_color__hover_enabled=&#8220;off&#8220; button_two_text_color__hover_enabled=&#8220;off&#8220; button_border_width__hover_enabled=&#8220;off&#8220; button_one_border_width__hover_enabled=&#8220;off&#8220; button_two_border_width__hover_enabled=&#8220;off&#8220; button_border_color__hover_enabled=&#8220;off&#8220; button_one_border_color__hover_enabled=&#8220;off&#8220; button_two_border_color__hover_enabled=&#8220;off&#8220; button_border_radius__hover_enabled=&#8220;off&#8220; button_one_border_radius__hover_enabled=&#8220;off&#8220; button_two_border_radius__hover_enabled=&#8220;off&#8220; button_letter_spacing__hover_enabled=&#8220;off&#8220; button_one_letter_spacing__hover_enabled=&#8220;off&#8220; button_two_letter_spacing__hover_enabled=&#8220;off&#8220; button_bg_color__hover_enabled=&#8220;off&#8220; button_one_bg_color__hover_enabled=&#8220;off&#8220; button_two_bg_color__hover_enabled=&#8220;off&#8220;][et_pb_slide use_bg_overlay=&#8220;off&#8220; use_text_overlay=&#8220;off&#8220; alignment=&#8220;bottom&#8220; _builder_version=&#8220;3.22.5&#8243; header_font=&#8220;||||||||&#8220; header_font_size=&#8220;44px&#8220; body_font=&#8220;||||||||&#8220; body_text_align=&#8220;justify&#8220; body_font_size=&#8220;25px&#8220; background_color=&#8220;#ffffff&#8220; background_image=&#8220;https:\/\/pflegedienst-ab.de\/wp-content\/uploads\/2026\/01\/Slider1.png&#8220; background_size=&#8220;contain&#8220; background_position=&#8220;top_right&#8220; button_icon_placement=&#8220;right&#8220; button_on_hover=&#8220;on&#8220; text_orientation=&#8220;left&#8220; inline_fonts=&#8220;Open Sans&#8220; button_text_size__hover_enabled=&#8220;off&#8220; button_one_text_size__hover_enabled=&#8220;off&#8220; button_two_text_size__hover_enabled=&#8220;off&#8220; button_text_color__hover_enabled=&#8220;off&#8220; button_one_text_color__hover_enabled=&#8220;off&#8220; button_two_text_color__hover_enabled=&#8220;off&#8220; button_border_width__hover_enabled=&#8220;off&#8220; button_one_border_width__hover_enabled=&#8220;off&#8220; button_two_border_width__hover_enabled=&#8220;off&#8220; button_border_color__hover_enabled=&#8220;off&#8220; button_one_border_color__hover_enabled=&#8220;off&#8220; button_two_border_color__hover_enabled=&#8220;off&#8220; button_border_radius__hover_enabled=&#8220;off&#8220; button_one_border_radius__hover_enabled=&#8220;off&#8220; button_two_border_radius__hover_enabled=&#8220;off&#8220; button_letter_spacing__hover_enabled=&#8220;off&#8220; button_one_letter_spacing__hover_enabled=&#8220;off&#8220; button_two_letter_spacing__hover_enabled=&#8220;off&#8220; button_bg_color__hover_enabled=&#8220;off&#8220; button_one_bg_color__hover_enabled=&#8220;off&#8220; button_two_bg_color__hover_enabled=&#8220;off&#8220;]<\/p>\n<h2 style=\"text-align: left;\"><span style=\"color: #609085; font-family: Open Sans; font-weight: normal;\">W\u00dcRDE<\/span><\/h2>\n<h2 style=\"text-align: left;\"><span style=\"color: #609085; font-family: Open Sans; font-weight: normal;\">F\u00dcRSORGE<\/span><\/h2>\n<h2 style=\"text-align: left;\"><span style=\"color: #609085; font-family: Open Sans; font-weight: normal;\">KOMPETENZ<\/span><\/h2>\n<p><span style=\"color: #609085; font-family: Open Sans; font-weight: normal;\"><\/span><\/p>\n<p style=\"text-align: left;\"><span style=\"color: #609085; font-family: Open Sans; font-weight: normal;\">Das sind die Grundwerte\u00a0<\/span><span style=\"color: #609085; font-family: Open Sans; font-weight: normal;\">unseres Unternehmens.<\/span><\/p>\n<p><\/p>\n<h2 style=\"text-align: left;\"><span style=\"color: #609085; font-family: Open Sans; font-weight: normal;\"><\/span><\/h2>\n<p>[\/et_pb_slide][\/et_pb_fullwidth_slider][\/et_pb_section][et_pb_section fb_built=&#8220;1&#8243; _builder_version=&#8220;3.22.5&#8243;][et_pb_row disabled_on=&#8220;off|on|on&#8220; _builder_version=&#8220;3.22.5&#8243;][et_pb_column type=&#8220;4_4&#8243; _builder_version=&#8220;3.22.5&#8243;][et_pb_text _builder_version=&#8220;3.22.5&#8243; text_font=&#8220;||||||||&#8220; text_text_color=&#8220;#439969&#8243; text_font_size=&#8220;28px&#8220; header_font=&#8220;||||||||&#8220; header_font_size=&#8220;32px&#8220;]<\/p>\n<p style=\"text-align: center;\">W\u00dcRDE\u00a0 \u00a0F\u00dcRSORGE\u00a0 \u00a0KOMPETENZ<\/p>\n<p style=\"text-align: center;\">[\/et_pb_text][et_pb_text _builder_version=&#8220;3.22.5&#8243; text_font=&#8220;||||||||&#8220; text_text_color=&#8220;#439969&#8243; text_font_size=&#8220;28px&#8220; header_font=&#8220;||||||||&#8220; header_font_size=&#8220;27px&#8220; custom_padding=&#8220;||4px|||&#8220;]<\/p>\n<p style=\"text-align: center;\">Das sind die Grundwerte unseres Unternehmens.<\/p>\n<p>[\/et_pb_text][\/et_pb_column][\/et_pb_row][\/et_pb_section][et_pb_section fb_built=&#8220;1&#8243; admin_label=&#8220;section&#8220; _builder_version=&#8220;3.22.3&#8243;][et_pb_row admin_label=&#8220;Zeile&#8220; _builder_version=&#8220;3.22.3&#8243; background_size=&#8220;initial&#8220; background_position=&#8220;top_left&#8220; background_repeat=&#8220;repeat&#8220;][et_pb_column type=&#8220;1_2&#8243; _builder_version=&#8220;3.0.47&#8243;][et_pb_text admin_label=&#8220;Text&#8220; _builder_version=&#8220;3.0.74&#8243;]Bei pl\u00f6tzlich eintretender Pflegebed\u00fcrftigkeit eines Angeh\u00f6rigen oder einer zu pflegenden Person ver\u00e4ndert sich die eigene Lebenssituation oft schlagartig. Verantwortlichkeiten m\u00fcssen gekl\u00e4rt, der Tagesablauf neu geordnet werden.[\/et_pb_text][\/et_pb_column][et_pb_column type=&#8220;1_2&#8243; _builder_version=&#8220;3.0.47&#8243;][et_pb_text admin_label=&#8220;Text&#8220; _builder_version=&#8220;3.22.5&#8243;]<\/p>\n<p>In solchen Situationen helfen wir schnell und unb\u00fcrokratisch mit einem schnellstm\u00f6glichen Pflegebeginn.<\/p>\n<p>[\/et_pb_text][et_pb_text admin_label=&#8220;Text&#8220; _builder_version=&#8220;3.22.5&#8243; text_font=&#8220;||||&#8220; text_font_size=&#8220;21px&#8220; header_font_size=&#8220;28px&#8220; background_size=&#8220;initial&#8220; background_position=&#8220;top_left&#8220; background_repeat=&#8220;repeat&#8220; text_orientation=&#8220;right&#8220;]<\/p>\n<p style=\"text-align: center;\"><span style=\"color: #609085;\">Ihr Team vom Pflegedienst Anja Ballandt<\/span><\/p>\n<p>[\/et_pb_text][\/et_pb_column][\/et_pb_row][\/et_pb_section][et_pb_section fb_built=&#8220;1&#8243; _builder_version=&#8220;3.22.5&#8243; background_color=&#8220;rgba(53,107,100,0.35)&#8220;][et_pb_row _builder_version=&#8220;3.22.5&#8243;][et_pb_column type=&#8220;1_4&#8243; _builder_version=&#8220;3.22.5&#8243;][\/et_pb_column][et_pb_column type=&#8220;1_2&#8243; _builder_version=&#8220;3.22.5&#8243;][et_pb_text _builder_version=&#8220;3.22.5&#8243;]<\/p>\n<h4><span style=\"color: #ffffff;\"><strong>T<\/strong>elefon<\/span><\/h4>\n<h1><span style=\"color: #ffffff;\"><strong>03 57 25 \/ 92 990<\/strong><\/span><\/h1>\n<p>[\/et_pb_text][\/et_pb_column][et_pb_column type=&#8220;1_4&#8243; _builder_version=&#8220;3.22.5&#8243;][\/et_pb_column][\/et_pb_row][\/et_pb_section][et_pb_section fb_built=&#8220;1&#8243; admin_label=&#8220;Sektion&#8220; _builder_version=&#8220;3.22.3&#8243;][et_pb_row admin_label=&#8220;Zeile&#8220; _builder_version=&#8220;3.22.5&#8243; background_size=&#8220;initial&#8220; background_position=&#8220;top_left&#8220; background_repeat=&#8220;repeat&#8220;][et_pb_column type=&#8220;1_3&#8243; _builder_version=&#8220;3.0.47&#8243;][et_pb_image src=&#8220;https:\/\/pflegedienst-ab.de\/wp-content\/uploads\/2016\/12\/frei-150.jpg&#8220; show_bottom_space=&#8220;off&#8220; align=&#8220;right&#8220; always_center_on_mobile=&#8220;off&#8220; admin_label=&#8220;Bild&#8220; _builder_version=&#8220;3.22.5&#8243; animation_style=&#8220;slide&#8220; animation_direction=&#8220;left&#8220; animation_duration=&#8220;500ms&#8220; animation_intensity_slide=&#8220;10%&#8220; animation=&#8220;left&#8220; sticky=&#8220;on&#8220;][\/et_pb_image][\/et_pb_column][et_pb_column type=&#8220;1_3&#8243; _builder_version=&#8220;3.0.47&#8243;][et_pb_blurb title=&#8220;In W\u00fcrde leben und altern&#8220; image_max_width=&#8220;none&#8220; admin_label=&#8220;Informationstext&#8220; _builder_version=&#8220;3.22.5&#8243; header_font=&#8220;||||||||&#8220; header_text_color=&#8220;#609085&#8243; body_text_color=&#8220;#5e5e5e&#8220; body_line_height=&#8220;1.8em&#8220; background_size=&#8220;initial&#8220; background_position=&#8220;top_left&#8220; background_repeat=&#8220;repeat&#8220; custom_padding=&#8220;40px|||&#8220;]<span style=\"color: #333333;\">Pflegebed\u00fcrftigen Menschen ein w\u00fcrdevolles und selbstbestimmtes\u00a0Leben zu erm\u00f6glichen. Das ist das Anliegen unseres Pflegedienstes.<\/span><\/p>\n<p><span style=\"color: #333333;\">Wenn die Anforderungen des Alltags nicht mehr bew\u00e4ltigt werden\u00a0k\u00f6nnen, helfen wir schnell und unkompliziert.<\/span><\/p>\n<div class=\"et_pb_text et_pb_module et_pb_bg_layout_light et_pb_text_align_left et_pb_text_6\"><\/div>\n<p>[\/et_pb_blurb][\/et_pb_column][et_pb_column type=&#8220;1_3&#8243; _builder_version=&#8220;3.0.47&#8243;][et_pb_blurb image_max_width=&#8220;none&#8220; admin_label=&#8220;Informationstext&#8220; _builder_version=&#8220;3.0.74&#8243; custom_margin=&#8220;65px|||&#8220;]Dabei steht f\u00fcr uns der Mensch mit seinen ganz individuellen Bed\u00fcrfnissen\u00a0immer an erster Stelle.<br \/>\nMit fachlicher Kompetenz und langj\u00e4hriger Pflegediensterfahrung\u00a0richten wir all unsere Hilfe darauf aus, die k\u00f6rperlichen, geistigen und\u00a0seelischen Kr\u00e4fte unserer Klienten zu stabilisieren, wieder zu gewinnen\u00a0und zu erhalten.[\/et_pb_blurb][\/et_pb_column][\/et_pb_row][\/et_pb_section][et_pb_section fb_built=&#8220;1&#8243; admin_label=&#8220;Sektion&#8220; _builder_version=&#8220;3.22.3&#8243;][et_pb_row admin_label=&#8220;Zeile&#8220; _builder_version=&#8220;3.22.3&#8243; background_size=&#8220;initial&#8220; background_position=&#8220;top_left&#8220; background_repeat=&#8220;repeat&#8220;][et_pb_column type=&#8220;4_4&#8243; _builder_version=&#8220;3.0.47&#8243;][et_pb_divider color=&#8220;#16a085&#8243; disabled_on=&#8220;on|on|off&#8220; admin_label=&#8220;Teiler&#8220; _builder_version=&#8220;3.2&#8243;][\/et_pb_divider][\/et_pb_column][\/et_pb_row][\/et_pb_section][et_pb_section fb_built=&#8220;1&#8243; admin_label=&#8220;Sektion&#8220; _builder_version=&#8220;3.22.3&#8243;][et_pb_row admin_label=&#8220;Zeile&#8220; _builder_version=&#8220;3.22.3&#8243; background_size=&#8220;initial&#8220; background_position=&#8220;top_left&#8220; background_repeat=&#8220;repeat&#8220;][et_pb_column type=&#8220;4_4&#8243; _builder_version=&#8220;3.0.47&#8243;][et_pb_text admin_label=&#8220;Ansprechhpartner&#8220; _builder_version=&#8220;3.22.5&#8243; text_text_color=&#8220;#5e5e5e&#8220; text_font_size=&#8220;24&#8243; background_size=&#8220;initial&#8220; background_position=&#8220;top_left&#8220; background_repeat=&#8220;repeat&#8220; text_orientation=&#8220;center&#8220; module_alignment=&#8220;center&#8220;]<\/p>\n<h1><span style=\"color: #609085;\">Ihre Ansprechpartner<br \/>\n<\/span><\/h1>\n<p><span style=\"color: #5e5e5e;\">Als kompetente Partner sind wir jederzeit f\u00fcr Sie da.<\/span>[\/et_pb_text][et_pb_text admin_label=&#8220;Text&#8220; _builder_version=&#8220;3.22.5&#8243;]<\/p>\n<p style=\"text-align: center;\">Pflege f\u00e4ngt bei uns bei der <strong>Beratung<\/strong> an. Vor Beginn einer Pflegeleistung f\u00fchren wir mit Ihnen ein <strong>umfassendes Beratungsgespr\u00e4ch<\/strong> durch.<br \/> Danach erstellen wir aus der Vielzahl der Pflegedienstleistungen das f\u00fcr Sie passende Angebot.<\/p>\n<p style=\"text-align: center;\"><strong><a href=\"https:\/\/pflegedienst-ab.de\/?page_id=3810\"><span style=\"color: #609085;\">Vereinbaren Sie einen umfassenden Pflegeberatungstermin mit uns &gt;&gt;&gt;<\/span><\/a><\/strong><\/p>\n<p>[\/et_pb_text][\/et_pb_column][\/et_pb_row][et_pb_row admin_label=&#8220;Zeile&#8220; _builder_version=&#8220;3.22.3&#8243; background_size=&#8220;initial&#8220; background_position=&#8220;top_left&#8220; background_repeat=&#8220;repeat&#8220;][et_pb_column type=&#8220;1_2&#8243; _builder_version=&#8220;3.0.47&#8243;][et_pb_image src=&#8220;https:\/\/pflegedienst-ab.de\/wp-content\/uploads\/2026\/03\/Anja-766-Bearbeitet.jpg&#8220; align=&#8220;center&#8220; disabled_on=&#8220;off|off|off&#8220; admin_label=&#8220;Bild&#8220; _builder_version=&#8220;3.22.5&#8243; animation_style=&#8220;slide&#8220; animation_direction=&#8220;left&#8220; animation_duration=&#8220;500ms&#8220; animation_intensity_slide=&#8220;10%&#8220; animation=&#8220;left&#8220;][\/et_pb_image][\/et_pb_column][et_pb_column type=&#8220;1_2&#8243; _builder_version=&#8220;3.0.47&#8243;][et_pb_text admin_label=&#8220;Text&#8220; _builder_version=&#8220;3.22.5&#8243; custom_margin=&#8220;100px|||&#8220;]<\/p>\n<h6><span style=\"color: #609085;\">Anja Ballandt<\/span><\/h6>\n<p>Gesch\u00e4ftsf\u00fchrung<\/p>\n<p>stellvertretene Pflegedienstleitung<\/p>\n<p>Dipl.- Pflegewirtin (FH)<\/p>\n<p>staatlich anerkannte Altenpflegerin[\/et_pb_text][\/et_pb_column][\/et_pb_row][et_pb_row _builder_version=&#8220;3.22.5&#8243;][et_pb_column type=&#8220;4_4&#8243; _builder_version=&#8220;3.22.5&#8243;][et_pb_divider _builder_version=&#8220;3.22.5&#8243;][\/et_pb_divider][\/et_pb_column][\/et_pb_row][et_pb_row admin_label=&#8220;Zeile&#8220; _builder_version=&#8220;3.22.3&#8243; background_size=&#8220;initial&#8220; background_position=&#8220;top_left&#8220; background_repeat=&#8220;repeat&#8220;][et_pb_column type=&#8220;1_2&#8243; _builder_version=&#8220;3.0.47&#8243;][et_pb_text admin_label=&#8220;Text&#8220; _builder_version=&#8220;3.22.5&#8243; custom_margin=&#8220;100px|||&#8220;]<\/p>\n<h6 style=\"text-align: right;\"><span style=\"color: #609085;\">Jonathan B\u00f6hme<\/span><\/h6>\n<p style=\"text-align: right;\">Pflegedienstleiter<\/p>\n<p style=\"text-align: right;\">staatlich examierter Gesundheits- und Krankenpfleger<\/p>\n<p>[\/et_pb_text][\/et_pb_column][et_pb_column type=&#8220;1_2&#8243; _builder_version=&#8220;3.0.47&#8243;][et_pb_image src=&#8220;https:\/\/pflegedienst-ab.de\/wp-content\/uploads\/2026\/03\/Jonathan-825-Bearbeitet.png&#8220; align=&#8220;center&#8220; admin_label=&#8220;Bild&#8220; _builder_version=&#8220;3.22.5&#8243; animation_style=&#8220;slide&#8220; animation_direction=&#8220;right&#8220; animation_duration=&#8220;500ms&#8220; animation_intensity_slide=&#8220;10%&#8220; animation=&#8220;right&#8220;][\/et_pb_image][\/et_pb_column][\/et_pb_row][et_pb_row _builder_version=&#8220;3.22.5&#8243;][et_pb_column type=&#8220;4_4&#8243; _builder_version=&#8220;3.22.5&#8243;][et_pb_divider _builder_version=&#8220;3.22.5&#8243;][\/et_pb_divider][\/et_pb_column][\/et_pb_row][et_pb_row admin_label=&#8220;Zeile&#8220; _builder_version=&#8220;3.22.3&#8243; background_size=&#8220;initial&#8220; background_position=&#8220;top_left&#8220; background_repeat=&#8220;repeat&#8220;][et_pb_column type=&#8220;1_2&#8243; _builder_version=&#8220;3.0.47&#8243;][et_pb_image src=&#8220;https:\/\/pflegedienst-ab.de\/wp-content\/uploads\/2022\/01\/Carolin-100-2.jpg&#8220; align=&#8220;center&#8220; admin_label=&#8220;Bild&#8220; _builder_version=&#8220;3.0.74&#8243; animation_style=&#8220;slide&#8220; animation_direction=&#8220;left&#8220; animation_duration=&#8220;500ms&#8220; animation_intensity_slide=&#8220;10%&#8220; animation=&#8220;left&#8220;][\/et_pb_image][\/et_pb_column][et_pb_column type=&#8220;1_2&#8243; _builder_version=&#8220;3.0.47&#8243;][et_pb_text admin_label=&#8220;Text&#8220; _builder_version=&#8220;3.22.5&#8243; custom_margin=&#8220;100px|||&#8220;]<\/p>\n<h6><span style=\"color: #609085;\">Carolin Kowark-Metasch<\/span><\/h6>\n<p>B\u00fcroleiterin<br \/>\nB\u00fcrokauffrau[\/et_pb_text][\/et_pb_column][\/et_pb_row][\/et_pb_section][et_pb_section fb_built=&#8220;1&#8243; admin_label=&#8220;Sektion&#8220; _builder_version=&#8220;3.22.3&#8243;][et_pb_row admin_label=&#8220;Zeile&#8220; _builder_version=&#8220;3.22.3&#8243; background_size=&#8220;initial&#8220; background_position=&#8220;top_left&#8220; background_repeat=&#8220;repeat&#8220;][et_pb_column type=&#8220;1_2&#8243; _builder_version=&#8220;3.0.47&#8243;][\/et_pb_column][et_pb_column type=&#8220;1_2&#8243; _builder_version=&#8220;3.0.47&#8243;][et_pb_text admin_label=&#8220;Text&#8220; _builder_version=&#8220;3.22.5&#8243; text_font=&#8220;|on|||&#8220; text_font_size=&#8220;18&#8243; header_font=&#8220;|on|||&#8220; background_size=&#8220;initial&#8220; background_position=&#8220;top_left&#8220; background_repeat=&#8220;repeat&#8220; custom_padding=&#8220;0px||0px|0px||&#8220;]<\/p>\n<p style=\"text-align: left;\"><span style=\"color: #609085;\">SIE ERREICHEN UNS<br \/>\nZU UNSEREN SPRECHZEITEN<\/span><\/p>\n<p>[\/et_pb_text][et_pb_text admin_label=&#8220;Text&#8220; _builder_version=&#8220;3.22.5&#8243; text_font_size_last_edited=&#8220;on|phone&#8220;]<\/p>\n<p>Montag\u00a0 8.00 Uhr bis 16.00 Uhr<\/p>\n<hr \/>\n<p>Dienstag\u00a0 8.00 Uhr bis 16.00 Uhr<\/p>\n<hr \/>\n<p>Mittwoch\u00a0 8.00 Uhr bis 16.00 Uhr<\/p>\n<hr \/>\n<p>Donnerstag 8.00 Uhr bis 16.00 Uhr<\/p>\n<hr \/>\n<p>Freitag\u00a0 8.00 Uhr bis 14.00 Uhr<\/p>\n<p>[\/et_pb_text][\/et_pb_column][\/et_pb_row][\/et_pb_section][et_pb_section fb_built=&#8220;1&#8243; admin_label=&#8220;Sektion&#8220; _builder_version=&#8220;3.22.3&#8243;][et_pb_row admin_label=&#8220;Zeile&#8220; _builder_version=&#8220;3.22.3&#8243; background_size=&#8220;initial&#8220; background_position=&#8220;top_left&#8220; background_repeat=&#8220;repeat&#8220;][et_pb_column type=&#8220;4_4&#8243; _builder_version=&#8220;3.0.47&#8243;][et_pb_divider color=&#8220;#16a085&#8243; disabled_on=&#8220;on|on|off&#8220; admin_label=&#8220;Teiler&#8220; _builder_version=&#8220;3.2&#8243;][\/et_pb_divider][\/et_pb_column][\/et_pb_row][\/et_pb_section][et_pb_section fb_built=&#8220;1&#8243; admin_label=&#8220;Sektion&#8220; _builder_version=&#8220;3.22.3&#8243;][et_pb_row admin_label=&#8220;Zeile&#8220; _builder_version=&#8220;3.22.3&#8243; background_size=&#8220;initial&#8220; background_position=&#8220;top_left&#8220; background_repeat=&#8220;repeat&#8220;][et_pb_column type=&#8220;4_4&#8243; _builder_version=&#8220;3.0.47&#8243;][et_pb_text admin_label=&#8220;Mitarbeiter&#8220; _builder_version=&#8220;3.22.5&#8243; text_font=&#8220;||||||||&#8220; text_text_color=&#8220;#609085&#8243; text_font_size=&#8220;24&#8243; background_size=&#8220;initial&#8220; background_position=&#8220;top_left&#8220; background_repeat=&#8220;repeat&#8220; text_orientation=&#8220;center&#8220; module_alignment=&#8220;center&#8220;]<\/p>\n<h1><span style=\"color: #609085;\">Professionelle Hilfe in einem guten Team<br \/>\n<\/span><\/h1>\n<p><span style=\"color: #5e5e5e;\">Das ist unser Anspruch.<br \/>\n<\/span>[\/et_pb_text][\/et_pb_column][\/et_pb_row][\/et_pb_section][et_pb_section fb_built=&#8220;1&#8243; fullwidth=&#8220;on&#8220; admin_label=&#8220;Sektion&#8220; _builder_version=&#8220;3.22.3&#8243;][et_pb_fullwidth_image src=&#8220;https:\/\/pflegedienst-ab.de\/wp-content\/uploads\/2022\/01\/HG.jpg&#8220; admin_label=&#8220;Volle Breite des Bildes&#8220; _builder_version=&#8220;3.0.72&#8243; animation_style=&#8220;slide&#8220; animation_direction=&#8220;left&#8220; animation_duration=&#8220;500ms&#8220; animation_intensity_slide=&#8220;10%&#8220;][\/et_pb_fullwidth_image][\/et_pb_section][et_pb_section fb_built=&#8220;1&#8243; admin_label=&#8220;Sektion&#8220; _builder_version=&#8220;3.22.3&#8243;][et_pb_row admin_label=&#8220;Zeile&#8220; _builder_version=&#8220;3.22.3&#8243; background_size=&#8220;initial&#8220; background_position=&#8220;top_left&#8220; background_repeat=&#8220;repeat&#8220;][et_pb_column type=&#8220;4_4&#8243; _builder_version=&#8220;3.0.47&#8243;][et_pb_text admin_label=&#8220;Einzugsgebiet&#8220; _builder_version=&#8220;3.22.5&#8243; text_text_color=&#8220;#5e5e5e&#8220; text_font_size=&#8220;24&#8243; background_size=&#8220;initial&#8220; background_position=&#8220;top_left&#8220; background_repeat=&#8220;repeat&#8220; text_orientation=&#8220;center&#8220; module_alignment=&#8220;center&#8220;]<\/p>\n<h1><span style=\"color: #609085;\">Unser Betreuungsgebiet<br \/>\n<\/span><\/h1>\n<p><span style=\"color: #5e5e5e;\">Wir betreuen unsere Klienten in Wittichenau und Umgebung, Hoyerswerda und in den Gemeinden Lohsa und O\u00dfling.<br \/>\n<\/span>[\/et_pb_text][et_pb_image src=&#8220;https:\/\/pflegedienst-ab.de\/wp-content\/uploads\/2018\/09\/Karte-2.jpg&#8220; url_new_window=&#8220;on&#8220; align=&#8220;center&#8220; admin_label=&#8220;Bild&#8220; _builder_version=&#8220;3.0.74&#8243; custom_margin=&#8220;80px||80px|&#8220; animation_style=&#8220;slide&#8220; animation_direction=&#8220;right&#8220; animation_duration=&#8220;500ms&#8220; animation_intensity_slide=&#8220;10%&#8220; animation=&#8220;right&#8220;][\/et_pb_image][et_pb_text admin_label=&#8220;Standorte&#8220; _builder_version=&#8220;3.22.5&#8243; background_size=&#8220;initial&#8220; background_position=&#8220;top_left&#8220; background_repeat=&#8220;repeat&#8220;]<\/p>\n<p style=\"text-align: center;\"><span style=\"color: #609085;\"><strong>Standorte:<\/strong><\/span><\/p>\n<p style=\"text-align: center;\"><span style=\"color: #333333;\">Ambulanter Pflegedienst Anja Ballandt GmbH, Franz-Mehring-Stra\u00dfe 6a,\u00a0 02997 Wittichenau<\/span><\/p>\n<p style=\"text-align: center;\"><span style=\"color: #333333;\">Ambulanter Pflegedienst Anja Ballandt GmbH, Hauptstra\u00dfe 25a, 02999 Lohsa<\/span><\/p>\n<p>[\/et_pb_text][\/et_pb_column][\/et_pb_row][et_pb_row _builder_version=&#8220;3.22.5&#8243;][et_pb_column type=&#8220;4_4&#8243; _builder_version=&#8220;3.22.5&#8243;][et_pb_text admin_label=&#8220;Karriere&#8220; _builder_version=&#8220;3.22.5&#8243; text_text_color=&#8220;#46a08e&#8220; text_font_size=&#8220;20&#8243; text_line_height=&#8220;1.9em&#8220; background_size=&#8220;initial&#8220; background_position=&#8220;top_left&#8220; background_repeat=&#8220;repeat&#8220; custom_padding=&#8220;30px|30px|0px|30px&#8220;]<\/p>\n<p><span style=\"color: #609085;\">Sie haben den Anspruch in einem sozialen und menschlichen Umfeld zu arbeiten,\u00a0wo die Leistung des Einzelnen z\u00e4hlt und anerkannt wird?<\/span><\/p>\n<p><strong><span style=\"color: #609085;\">Dann z\u00f6gern Sie nicht!\u00a0 \u00a0\u00a0\u00a0\u00a0\u00a0\u00a0\u00a0\u00a0\u00a0\u00a0\u00a0\u00a0\u00a0\u00a0\u00a0\u00a0\u00a0\u00a0\u00a0\u00a0\u00a0\u00a0\u00a0\u00a0\u00a0\u00a0\u00a0\u00a0\u00a0 <\/span><\/strong><\/p>\n<h5><a href=\"https:\/\/pflegedienst-ab.de\/?page_id=3851\"><span style=\"color: #808080;\">BEWERBEN SIE SICH UND WERDEN SIE TEIL UNSERES TEAMS &gt;&gt;&gt;<\/span><\/a><\/h5>\n<p><strong><span style=\"color: #609085;\">\u00a0<\/span><\/strong><\/p>\n<h6><\/h6>\n<p>[\/et_pb_text][\/et_pb_column][\/et_pb_row][\/et_pb_section][et_pb_section fb_built=&#8220;1&#8243; custom_padding_last_edited=&#8220;on|desktop&#8220; admin_label=&#8220;section&#8220; _builder_version=&#8220;3.22.5&#8243; background_color=&#8220;rgba(22,160,133,0.68)&#8220; use_background_color_gradient=&#8220;on&#8220; background_color_gradient_start=&#8220;#609085&#8243; background_color_gradient_start_position=&#8220;100%&#8220; background_color_gradient_end_position=&#8220;0%&#8220; custom_padding_tablet=&#8220;50px|0|50px|0&#8243; padding_mobile=&#8220;off&#8220;][et_pb_row admin_label=&#8220;row&#8220; _builder_version=&#8220;3.22.3&#8243; background_size=&#8220;initial&#8220; background_position=&#8220;top_left&#8220; background_repeat=&#8220;repeat&#8220;][et_pb_column type=&#8220;2_3&#8243; _builder_version=&#8220;3.0.47&#8243;][et_pb_text admin_label=&#8220;Zitat&#8220; _builder_version=&#8220;3.0.74&#8243; background_size=&#8220;initial&#8220; background_position=&#8220;top_left&#8220; background_repeat=&#8220;repeat&#8220; background_layout=&#8220;dark&#8220;]Ambulanter Pflegedienst Anja Ballandt GmbH<\/p>\n<p>Franz-Mehring-Stra\u00dfe 6a<br \/>\n02997 Wittichenau<\/p>\n<p>Telefon: 03 57 25 \/ 92 990[\/et_pb_text][\/et_pb_column][et_pb_column type=&#8220;1_3&#8243; _builder_version=&#8220;3.0.47&#8243;][\/et_pb_column][\/et_pb_row][\/et_pb_section]<\/p>\n","protected":false},"excerpt":{"rendered":"<p>[et_pb_section fb_built=&#8220;1&#8243; fullwidth=&#8220;on&#8220; admin_label=&#8220;Sektion&#8220; _builder_version=&#8220;3.22.3&#8243;][et_pb_fullwidth_slider show_arrows=&#8220;off&#8220; show_content_on_mobile=&#8220;off&#8220; show_image_video_mobile=&#8220;on&#8220; disabled_on=&#8220;off|off|off&#8220; admin_label=&#8220;Vollbreiter Slider&#8220; _builder_version=&#8220;3.22.5&#8243; header_font=&#8220;||||||||&#8220; body_font=&#8220;||||||||&#8220; box_shadow_style=&#8220;preset6&#8243; box_shadow_blur=&#8220;10px&#8220; box_shadow_color=&#8220;rgba(0,0,0,0.1)&#8220; custom_padding=&#8220;317px|||||&#8220; custom_padding_tablet=&#8220;|||&#8220; custom_padding_phone=&#8220;|||&#8220; show_inner_shadow=&#8220;on&#8220; button_text_size__hover_enabled=&#8220;off&#8220; button_one_text_size__hover_enabled=&#8220;off&#8220; button_two_text_size__hover_enabled=&#8220;off&#8220; button_text_color__hover_enabled=&#8220;off&#8220; button_one_text_color__hover_enabled=&#8220;off&#8220; button_two_text_color__hover_enabled=&#8220;off&#8220; button_border_width__hover_enabled=&#8220;off&#8220; button_one_border_width__hover_enabled=&#8220;off&#8220; button_two_border_width__hover_enabled=&#8220;off&#8220; button_border_color__hover_enabled=&#8220;off&#8220; button_one_border_color__hover_enabled=&#8220;off&#8220; button_two_border_color__hover_enabled=&#8220;off&#8220; button_border_radius__hover_enabled=&#8220;off&#8220; button_one_border_radius__hover_enabled=&#8220;off&#8220; button_two_border_radius__hover_enabled=&#8220;off&#8220; button_letter_spacing__hover_enabled=&#8220;off&#8220; button_one_letter_spacing__hover_enabled=&#8220;off&#8220; button_two_letter_spacing__hover_enabled=&#8220;off&#8220; button_bg_color__hover_enabled=&#8220;off&#8220; button_one_bg_color__hover_enabled=&#8220;off&#8220; button_two_bg_color__hover_enabled=&#8220;off&#8220;][et_pb_slide use_bg_overlay=&#8220;off&#8220; use_text_overlay=&#8220;off&#8220; alignment=&#8220;bottom&#8220; _builder_version=&#8220;3.22.5&#8243; header_font=&#8220;||||||||&#8220; header_font_size=&#8220;44px&#8220; body_font=&#8220;||||||||&#8220; body_text_align=&#8220;justify&#8220; body_font_size=&#8220;25px&#8220; background_color=&#8220;#ffffff&#8220; background_image=&#8220;https:\/\/pflegedienst-ab.de\/wp-content\/uploads\/2026\/01\/Slider1.png&#8220; background_size=&#8220;contain&#8220; background_position=&#8220;top_right&#8220; [&hellip;]<\/p>\n","protected":false},"author":3,"featured_media":0,"parent":0,"menu_order":0,"comment_status":"closed","ping_status":"closed","template":"","meta":{"_et_pb_use_builder":"on","_et_pb_old_content":""},"_links":{"self":[{"href":"https:\/\/pflegedienst-ab.de\/index.php?rest_route=\/wp\/v2\/pages\/113"}],"collection":[{"href":"https:\/\/pflegedienst-ab.de\/index.php?rest_route=\/wp\/v2\/pages"}],"about":[{"href":"https:\/\/pflegedienst-ab.de\/index.php?rest_route=\/wp\/v2\/types\/page"}],"author":[{"embeddable":true,"href":"https:\/\/pflegedienst-ab.de\/index.php?rest_route=\/wp\/v2\/users\/3"}],"replies":[{"embeddable":true,"href":"https:\/\/pflegedienst-ab.de\/index.php?rest_route=%2Fwp%2Fv2%2Fcomments&post=113"}],"version-history":[{"count":513,"href":"https:\/\/pflegedienst-ab.de\/index.php?rest_route=\/wp\/v2\/pages\/113\/revisions"}],"predecessor-version":[{"id":5015,"href":"https:\/\/pflegedienst-ab.de\/index.php?rest_route=\/wp\/v2\/pages\/113\/revisions\/5015"}],"wp:attachment":[{"href":"https:\/\/pflegedienst-ab.de\/index.php?rest_route=%2Fwp%2Fv2%2Fmedia&parent=113"}],"curies":[{"name":"wp","href":"https:\/\/api.w.org\/{rel}","templated":true}]}}